{"id":6212,"date":"2016-10-06T15:10:32","date_gmt":"2016-10-06T15:10:32","guid":{"rendered":"http:\/\/www.moversbyfue.com\/?page_id=6212"},"modified":"2019-01-11T12:02:43","modified_gmt":"2019-01-11T11:02:43","slug":"tercera-edicion","status":"publish","type":"page","link":"https:\/\/moversbyfue.com\/secciones\/tercera-edicion\/","title":{"rendered":"Tercera Edici\u00f3n"},"content":{"rendered":"<section class=\"l-section wpb_row height_medium\"><div class=\"l-section-h i-cf\"><div class=\"g-cols type_default\"><div class=\"vc_col-sm-12 wpb_column vc_column_container\"><div class=\"vc_column-inner\"><div class=\"wpb_wrapper\"><div class=\"wpb_text_column \"><div class=\"wpb_wrapper\">\n<h2 style=\"text-align: center;\"><strong><span style=\"color: #d42f43;\">UNIVERSIDAD DE FLORIDA CENTRAL (UCF)<\/span><br \/>\n<\/strong><\/h2>\n<p style=\"text-align: center;\"><span class=\"textoblanco18\"><span style=\"color: #333333; font-size: large;\">TERCERA EDICI\u00d3N<\/span><\/span><\/p>\n<\/div> <\/div> [vc_empty_space height=\u00bb30px\u00bb]<div class=\"g-cols wpb_row type_default vc_inner \"><div class=\"vc_col-sm-6 wpb_column vc_column_container\"><div class=\"vc_column-inner\"><div class=\"wpb_wrapper\"><div class=\"wpb_text_column \"><div class=\"wpb_wrapper\">\n<p style=\"text-align: left;\">En esta tercera edici\u00f3n, celebrada entre el 14 y el 21 de noviembre de 2015, los 20 seleccionados volvieron a viajar a Orlando para aprender de los mejores profesionales de la Universidad Central de Florida. All\u00ed tuvieron la oportunidad de aprender sobre competencias profesionales a trav\u00e9s de sesiones de liderazgo, negociaci\u00f3n, estrategias de negocio, an\u00e1lisis de datos, resoluci\u00f3n de conflictos, social media y trabajo en equipo.<\/p>\n<\/div> <\/div> <\/div><\/div><\/div><div class=\"vc_col-sm-6 wpb_column vc_column_container\"><div class=\"vc_column-inner\"><div class=\"wpb_wrapper\"><div class=\"wpb_text_column \"><div class=\"wpb_wrapper\">\n<p style=\"text-align: left;\">Una vez m\u00e1s quisimos completar esta oportunidad con una parte experiencial que ofreciese a nuestros Movers oportunidades \u00fanicas. De esta forma pudieron visitar Universal estudios, en Orlando, as\u00ed como disfrutar de un tour privado por el Kennedy Space Center de la NASA.<\/p>\n<p>Gracias a estos programas nuestros seleccionados pudieron poner en pr\u00e1ctica los conocimientos adquiridos, as\u00ed como sus capacidades profesionales en un entorno cada vez m\u00e1s din\u00e1mico y cambiante, englobado bajo una visi\u00f3n global e internacional.<\/div> <\/div> <\/div><\/div><\/div><\/div>[vc_empty_space height=\u00bb30px\u00bb]<\/div><\/div><\/div><\/div><\/div><\/section><!-- Row Backgrounds --><div class=\"upb_bg_img\" data-ultimate-bg=\"url(https:\/\/moversbyfue.com\/secciones\/wp-content\/uploads\/2013\/05\/BACKGROUND3_opaci.png)\" data-image-id=\"id^6186|url^http:\/\/www.moversbyfue.com\/wp-content\/uploads\/2013\/05\/BACKGROUND3_opaci.png|caption^null|alt^null|title^background3_opaci|description^null\" data-ultimate-bg-style=\"vcpb-default\" data-bg-img-repeat=\"repeat\" data-bg-img-size=\"cover\" data-bg-img-position=\"\" data-parallx_sense=\"30\" data-bg-override=\"0\" data-bg_img_attach=\"scroll\" data-upb-overlay-color=\"\" data-upb-bg-animation=\"\" data-fadeout=\"\" data-bg-animation=\"left-animation\" data-bg-animation-type=\"h\" data-animation-repeat=\"repeat\" data-fadeout-percentage=\"30\" data-parallax-content=\"\" data-parallax-content-sense=\"30\" data-row-effect-mobile-disable=\"true\" data-img-parallax-mobile-disable=\"true\" data-rtl=\"false\"  data-custom-vc-row=\"\"  data-vc=\"5.0.1\"  data-is_old_vc=\"\"  data-theme-support=\"\"   data-overlay=\"false\" data-overlay-color=\"\" data-overlay-pattern=\"\" data-overlay-pattern-opacity=\"\" data-overlay-pattern-size=\"\"    ><\/div><section class=\"l-section wpb_row height_medium\"><div class=\"l-section-h i-cf\"><div class=\"g-cols type_default\"><div class=\"vc_col-sm-12 wpb_column vc_column_container\"><div class=\"vc_column-inner\"><div class=\"wpb_wrapper\">[vc_empty_space height=\u00bb30px\u00bb]<div class=\"wpb_text_column \"><div class=\"wpb_wrapper\">\n<h2 style=\"text-align: center;\"><strong><span style=\"color: #d42f43;\">ALUMNOS<\/span><br \/>\n<\/strong><\/h2>\n<\/div> <\/div> <div class=\"g-cols wpb_row type_default vc_inner \"><div class=\"vc_col-sm-2 wpb_column vc_column_container\"><div class=\"vc_column-inner\"><div class=\"wpb_wrapper\"><div class=\"w-image\"><div class=\"us-frame\"><img loading=\"lazy\" decoding=\"async\" width=\"174\" height=\"117\" src=\"https:\/\/moversbyfue.com\/secciones\/wp-content\/uploads\/2016\/10\/carlos.jpg\" class=\"attachment-full size-full\" alt=\"Alumno movers by fue\" \/><\/div><\/div><div class=\"wpb_text_column \"><div class=\"wpb_wrapper\">\n<p style=\"text-align: center;\"><span style=\"font-size: small;\"><b><span style=\"color: #d42f43;\">CARLOS ABELLANAS TUSSY<\/span><br \/>\n<\/b>Ingeniero Industrial<\/span><\/p>\n<\/div> <\/div> <\/div><\/div><\/div><div class=\"vc_col-sm-2 wpb_column vc_column_container\"><div class=\"vc_column-inner\"><div class=\"wpb_wrapper\"><div class=\"w-image\"><div class=\"us-frame\"><img loading=\"lazy\" decoding=\"async\" width=\"174\" height=\"117\" src=\"https:\/\/moversbyfue.com\/secciones\/wp-content\/uploads\/2016\/10\/carlos2.jpg\" class=\"attachment-full size-full\" alt=\"Alumno movers by fue\" \/><\/div><\/div><div class=\"wpb_text_column \"><div class=\"wpb_wrapper\">\n<p style=\"text-align: center;\"><span style=\"font-size: small;\"><b><span style=\"color: #d42f43;\">CARLOS BERNAD VICIANO<\/span><br \/>\n<\/b>Ingeniero Industrial<\/span><\/p>\n<\/div> <\/div> <\/div><\/div><\/div><div class=\"vc_col-sm-2 wpb_column vc_column_container\"><div class=\"vc_column-inner\"><div class=\"wpb_wrapper\"><div class=\"w-image\"><div class=\"us-frame\"><img loading=\"lazy\" decoding=\"async\" width=\"174\" height=\"117\" src=\"https:\/\/moversbyfue.com\/secciones\/wp-content\/uploads\/2016\/10\/federico.jpg\" class=\"attachment-full size-full\" alt=\"Alumno movers by fue\" \/><\/div><\/div><div class=\"wpb_text_column \"><div class=\"wpb_wrapper\">\n<p style=\"text-align: center;\"><span style=\"font-size: small;\"><b><span style=\"color: #d42f43;\">FREDERICO BR\u00cdZIDO<\/span><br \/>\n<\/b>Ingeniero T\u00e9cnico Industrial<\/span><\/p>\n<\/div> <\/div> <\/div><\/div><\/div><div class=\"vc_col-sm-2 wpb_column vc_column_container\"><div class=\"vc_column-inner\"><div class=\"wpb_wrapper\"><div class=\"w-image\"><div class=\"us-frame\"><img loading=\"lazy\" decoding=\"async\" width=\"174\" height=\"117\" src=\"https:\/\/moversbyfue.com\/secciones\/wp-content\/uploads\/2016\/10\/jaime.jpg\" class=\"attachment-full size-full\" alt=\"Alumno movers by fue\" \/><\/div><\/div><div class=\"wpb_text_column \"><div class=\"wpb_wrapper\">\n<p style=\"text-align: center;\"><span style=\"font-size: small;\"><b><span style=\"color: #d42f43;\">JAIME CUDOS CONLEY<\/span><br \/>\n<\/b>Derecho<\/span><\/p>\n<\/div> <\/div> <\/div><\/div><\/div><div class=\"vc_col-sm-2 wpb_column vc_column_container\"><div class=\"vc_column-inner\"><div class=\"wpb_wrapper\"><div class=\"w-image\"><div class=\"us-frame\"><img loading=\"lazy\" decoding=\"async\" width=\"174\" height=\"117\" src=\"https:\/\/moversbyfue.com\/secciones\/wp-content\/uploads\/2016\/10\/alejandro.jpg\" class=\"attachment-full size-full\" alt=\"Alumno movers by fue\" \/><\/div><\/div><div class=\"wpb_text_column \"><div class=\"wpb_wrapper\">\n<p style=\"text-align: center;\"><span style=\"font-size: small;\"><b><span style=\"color: #d42f43;\">ALEJANDRO DAPOUSA<\/span><br \/>\n<\/b>ADE<\/span><\/p>\n<\/div> <\/div> <\/div><\/div><\/div><div class=\"vc_col-sm-2 wpb_column vc_column_container\"><div class=\"vc_column-inner\"><div class=\"wpb_wrapper\"><div class=\"w-image\"><div class=\"us-frame\"><img loading=\"lazy\" decoding=\"async\" width=\"174\" height=\"117\" src=\"https:\/\/moversbyfue.com\/secciones\/wp-content\/uploads\/2016\/10\/marta.jpg\" class=\"attachment-full size-full\" alt=\"Alumno movers by fue\" \/><\/div><\/div><div class=\"wpb_text_column \"><div class=\"wpb_wrapper\">\n<p style=\"text-align: center;\"><span style=\"font-size: small;\"><b><span style=\"color: #d42f43;\">MARTA GARC\u00cdA MART\u00cdNEZ<\/span><br \/>\n<\/b>Periodismo y Comunicaci\u00f3n Audiovisual<\/span><\/p>\n<\/div> <\/div> <\/div><\/div><\/div><\/div>[vc_empty_space height=\u00bb30px\u00bb]<div class=\"g-cols wpb_row type_default vc_inner \"><div class=\"vc_col-sm-2 wpb_column vc_column_container\"><div class=\"vc_column-inner\"><div class=\"wpb_wrapper\"><div class=\"w-image\"><div class=\"us-frame\"><img loading=\"lazy\" decoding=\"async\" width=\"174\" height=\"117\" src=\"https:\/\/moversbyfue.com\/secciones\/wp-content\/uploads\/2016\/10\/laura-1.jpg\" class=\"attachment-full size-full\" alt=\"Alumno movers by fue\" \/><\/div><\/div><div class=\"wpb_text_column \"><div class=\"wpb_wrapper\">\n<p style=\"text-align: center;\"><span style=\"font-size: small;\"><b><span style=\"color: #d42f43;\">LAURA GONZ\u00c1LEZ<\/span><br \/>\n<\/b>Ingeniero de Caminos<\/span><\/p>\n<\/div> <\/div> <\/div><\/div><\/div><div class=\"vc_col-sm-2 wpb_column vc_column_container\"><div class=\"vc_column-inner\"><div class=\"wpb_wrapper\"><div class=\"w-image\"><div class=\"us-frame\"><img loading=\"lazy\" decoding=\"async\" width=\"174\" height=\"117\" src=\"https:\/\/moversbyfue.com\/secciones\/wp-content\/uploads\/2016\/10\/barbara.jpg\" class=\"attachment-full size-full\" alt=\"Alumno movers by fue\" \/><\/div><\/div><div class=\"wpb_text_column \"><div class=\"wpb_wrapper\">\n<p style=\"text-align: center;\"><span style=\"font-size: small;\"><b><span style=\"color: #d42f43;\">B\u00c1RBARA JUAN MART\u00cdNEZ<\/span><br \/>\n<\/b>Pedagog\u00eda<\/span><\/p>\n<\/div> <\/div> <\/div><\/div><\/div><div class=\"vc_col-sm-2 wpb_column vc_column_container\"><div class=\"vc_column-inner\"><div class=\"wpb_wrapper\"><div class=\"w-image\"><div class=\"us-frame\"><img loading=\"lazy\" decoding=\"async\" width=\"174\" height=\"117\" src=\"https:\/\/moversbyfue.com\/secciones\/wp-content\/uploads\/2016\/10\/angela.jpg\" class=\"attachment-full size-full\" alt=\"Alumno movers by fue\" \/><\/div><\/div><div class=\"wpb_text_column \"><div class=\"wpb_wrapper\">\n<p style=\"text-align: center;\"><span style=\"font-size: small;\"><b><span style=\"color: #d42f43;\">ANGELA MONTESINOS<\/span><br \/>\n<\/b>Psicolog\u00eda<\/span><\/p>\n<\/div> <\/div> <\/div><\/div><\/div><div class=\"vc_col-sm-2 wpb_column vc_column_container\"><div class=\"vc_column-inner\"><div class=\"wpb_wrapper\"><div class=\"w-image\"><div class=\"us-frame\"><img loading=\"lazy\" decoding=\"async\" width=\"174\" height=\"117\" src=\"https:\/\/moversbyfue.com\/secciones\/wp-content\/uploads\/2016\/10\/jorge.jpg\" class=\"attachment-full size-full\" alt=\"Alumno movers by fue\" \/><\/div><\/div><div class=\"wpb_text_column \"><div class=\"wpb_wrapper\">\n<p style=\"text-align: center;\"><span style=\"font-size: small;\"><b><span style=\"color: #d42f43;\">JORGE NU\u00d1EZ EYMAR<\/span><br \/>\n<\/b>Derecho<\/span><\/p>\n<\/div> <\/div> <\/div><\/div><\/div><div class=\"vc_col-sm-2 wpb_column vc_column_container\"><div class=\"vc_column-inner\"><div class=\"wpb_wrapper\"><div class=\"w-image\"><div class=\"us-frame\"><img loading=\"lazy\" decoding=\"async\" width=\"174\" height=\"117\" src=\"https:\/\/moversbyfue.com\/secciones\/wp-content\/uploads\/2016\/10\/alejandro2.jpg\" class=\"attachment-full size-full\" alt=\"Alumno movers by fue\" \/><\/div><\/div><div class=\"wpb_text_column \"><div class=\"wpb_wrapper\">\n<p style=\"text-align: center;\"><span style=\"font-size: small;\"><b><span style=\"color: #d42f43;\">ALEJANDRO ORTEGA BIBER<\/span><br \/>\n<\/b>Ingeniero Industrial<\/span><\/p>\n<\/div> <\/div> <\/div><\/div><\/div><div class=\"vc_col-sm-2 wpb_column vc_column_container\"><div class=\"vc_column-inner\"><div class=\"wpb_wrapper\"><div class=\"w-image\"><div class=\"us-frame\"><img loading=\"lazy\" decoding=\"async\" width=\"174\" height=\"117\" src=\"https:\/\/moversbyfue.com\/secciones\/wp-content\/uploads\/2016\/10\/ana3.jpg\" class=\"attachment-full size-full\" alt=\"Alumno movers by fue\" \/><\/div><\/div><div class=\"wpb_text_column \"><div class=\"wpb_wrapper\">\n<p style=\"text-align: center;\"><span style=\"font-size: small;\"><b><span style=\"color: #d42f43;\">ANNA PEREZ QUILIS<\/span><br \/>\n<\/b>Ingeniero Industrial<\/span><\/p>\n<\/div> <\/div> <\/div><\/div><\/div><\/div>[vc_empty_space height=\u00bb30px\u00bb]<div class=\"g-cols wpb_row type_default vc_inner \"><div class=\"vc_col-sm-2 wpb_column vc_column_container\"><div class=\"vc_column-inner\"><div class=\"wpb_wrapper\"><div class=\"w-image\"><div class=\"us-frame\"><img loading=\"lazy\" decoding=\"async\" width=\"174\" height=\"117\" src=\"https:\/\/moversbyfue.com\/secciones\/wp-content\/uploads\/2016\/10\/vanesa.jpg\" class=\"attachment-full size-full\" alt=\"Alumno movers by fue\" \/><\/div><\/div><div class=\"wpb_text_column \"><div class=\"wpb_wrapper\">\n<p style=\"text-align: center;\"><span style=\"font-size: small;\"><b><span style=\"color: #d42f43;\">VANESSA PINILLA<\/span><br \/>\n<\/b>Derecho<\/span><\/p>\n<\/div> <\/div> <\/div><\/div><\/div><div class=\"vc_col-sm-2 wpb_column vc_column_container\"><div class=\"vc_column-inner\"><div class=\"wpb_wrapper\"><div class=\"w-image\"><div class=\"us-frame\"><img loading=\"lazy\" decoding=\"async\" width=\"174\" height=\"117\" src=\"https:\/\/moversbyfue.com\/secciones\/wp-content\/uploads\/2016\/10\/claudia.jpg\" class=\"attachment-full size-full\" alt=\"Alumno movers by fue\" \/><\/div><\/div><div class=\"wpb_text_column \"><div class=\"wpb_wrapper\">\n<p style=\"text-align: center;\"><span style=\"font-size: small;\"><b><span style=\"color: #d42f43;\">CLAUDIA RAMOS<\/span><br \/>\n<\/b>Periodismo<\/span><\/p>\n<\/div> <\/div> <\/div><\/div><\/div><div class=\"vc_col-sm-2 wpb_column vc_column_container\"><div class=\"vc_column-inner\"><div class=\"wpb_wrapper\"><div class=\"w-image\"><div class=\"us-frame\"><img loading=\"lazy\" decoding=\"async\" width=\"174\" height=\"117\" src=\"https:\/\/moversbyfue.com\/secciones\/wp-content\/uploads\/2016\/10\/rafael.jpg\" class=\"attachment-full size-full\" alt=\"Alumno movers by fue\" \/><\/div><\/div><div class=\"wpb_text_column \"><div class=\"wpb_wrapper\">\n<p style=\"text-align: center;\"><span style=\"font-size: small;\"><b><span style=\"color: #d42f43;\">RAFAEL RAYA JIMENEZ<\/span><br \/>\n<\/b>Ingeniero Industrial<\/span><\/p>\n<\/div> <\/div> <\/div><\/div><\/div><div class=\"vc_col-sm-2 wpb_column vc_column_container\"><div class=\"vc_column-inner\"><div class=\"wpb_wrapper\"><div class=\"w-image\"><div class=\"us-frame\"><img loading=\"lazy\" decoding=\"async\" width=\"174\" height=\"117\" src=\"https:\/\/moversbyfue.com\/secciones\/wp-content\/uploads\/2016\/10\/adrian-1.jpg\" class=\"attachment-full size-full\" alt=\"Alumno movers by fue\" \/><\/div><\/div><div class=\"wpb_text_column \"><div class=\"wpb_wrapper\">\n<p style=\"text-align: center;\"><span style=\"font-size: small;\"><b><span style=\"color: #d42f43;\">ADRI\u00c1N RODR\u00cdGUEZ<\/span><br \/>\n<\/b>Ingeniero Industrial<\/span><\/p>\n<\/div> <\/div> <\/div><\/div><\/div><div class=\"vc_col-sm-2 wpb_column vc_column_container\"><div class=\"vc_column-inner\"><div class=\"wpb_wrapper\"><div class=\"w-image\"><div class=\"us-frame\"><img loading=\"lazy\" decoding=\"async\" width=\"174\" height=\"117\" src=\"https:\/\/moversbyfue.com\/secciones\/wp-content\/uploads\/2016\/10\/estefania.jpg\" class=\"attachment-full size-full\" alt=\"Alumno movers by fue\" \/><\/div><\/div><div class=\"wpb_text_column \"><div class=\"wpb_wrapper\">\n<p style=\"text-align: center;\"><span style=\"font-size: small;\"><b><span style=\"color: #d42f43;\">ESTEFANIA VALERO<\/span><br \/>\n<\/b>Ingeniero Industrial<\/span><\/p>\n<\/div> <\/div> <\/div><\/div><\/div><div class=\"vc_col-sm-2 wpb_column vc_column_container\"><div class=\"vc_column-inner\"><div class=\"wpb_wrapper\"><div class=\"w-image\"><div class=\"us-frame\"><img loading=\"lazy\" decoding=\"async\" width=\"174\" height=\"117\" src=\"https:\/\/moversbyfue.com\/secciones\/wp-content\/uploads\/2016\/10\/marta4.jpg\" class=\"attachment-full size-full\" alt=\"Alumno movers by fue\" \/><\/div><\/div><div class=\"wpb_text_column \"><div class=\"wpb_wrapper\">\n<p style=\"text-align: center;\"><span style=\"font-size: small;\"><b><span style=\"color: #d42f43;\">MARTA VAQUERO<\/span><br \/>\n<\/b>ADE<\/span><\/p>\n<\/div> <\/div> <\/div><\/div><\/div><\/div><div class=\"g-cols wpb_row type_default vc_inner  vc_custom_1484070271608\"><div class=\"vc_col-sm-2 wpb_column vc_column_container\"><div class=\"vc_column-inner\"><div class=\"wpb_wrapper\"><\/div><\/div><\/div><div class=\"vc_col-sm-2 wpb_column vc_column_container\"><div class=\"vc_column-inner\"><div class=\"wpb_wrapper\"><\/div><\/div><\/div><div class=\"vc_col-sm-2 wpb_column vc_column_container\"><div class=\"vc_column-inner\"><div class=\"wpb_wrapper\"><div class=\"w-image\"><div class=\"us-frame\"><img loading=\"lazy\" decoding=\"async\" width=\"174\" height=\"117\" src=\"https:\/\/moversbyfue.com\/secciones\/wp-content\/uploads\/2016\/10\/juan-2.jpg\" class=\"attachment-full size-full\" alt=\"Alumno movers by fue\" \/><\/div><\/div><div class=\"wpb_text_column \"><div class=\"wpb_wrapper\">\n<p style=\"text-align: center;\"><span style=\"font-size: small;\"><b><span style=\"color: #d42f43;\">JUAN VAZQUEZ BARCO<\/span><br \/>\n<\/b>Telecomunicaciones<\/span><\/p>\n<\/div> <\/div> <\/div><\/div><\/div><div class=\"vc_col-sm-2 wpb_column vc_column_container\"><div class=\"vc_column-inner\"><div class=\"wpb_wrapper\"><div class=\"w-image\"><div class=\"us-frame\"><img loading=\"lazy\" decoding=\"async\" width=\"174\" height=\"117\" src=\"https:\/\/moversbyfue.com\/secciones\/wp-content\/uploads\/2016\/10\/alex.jpg\" class=\"attachment-full size-full\" alt=\"Alumno movers by fue\" \/><\/div><\/div><div class=\"wpb_text_column \"><div class=\"wpb_wrapper\">\n<p style=\"text-align: center;\"><span style=\"font-size: small;\"><b><span style=\"color: #d42f43;\">ALEJANDRO VILLA<\/span><br \/>\n<\/b>ADE<\/span><\/p>\n<\/div> <\/div> <\/div><\/div><\/div><div class=\"vc_col-sm-2 wpb_column vc_column_container\"><div class=\"vc_column-inner\"><div class=\"wpb_wrapper\"><\/div><\/div><\/div><div class=\"vc_col-sm-2 wpb_column vc_column_container\"><div class=\"vc_column-inner\"><div class=\"wpb_wrapper\"><\/div><\/div><\/div><\/div>[vc_empty_space height=\u00bb10px\u00bb]<\/div><\/div><\/div><\/div><\/div><\/section><!-- Row Backgrounds --><div class=\"upb_color\" data-bg-override=\"0\" data-bg-color=\"#f4f4f4\" data-fadeout=\"\" data-fadeout-percentage=\"30\" data-parallax-content=\"\" data-parallax-content-sense=\"30\" data-row-effect-mobile-disable=\"true\" data-img-parallax-mobile-disable=\"true\" data-rtl=\"false\"  data-custom-vc-row=\"\"  data-vc=\"5.0.1\"  data-is_old_vc=\"\"  data-theme-support=\"\"   data-overlay=\"false\" data-overlay-color=\"\" data-overlay-pattern=\"\" data-overlay-pattern-opacity=\"\" data-overlay-pattern-size=\"\"    ><\/div>\n","protected":false},"excerpt":{"rendered":"UNIVERSIDAD DE FLORIDA CENTRAL (UCF) TERCERA EDICI\u00d3N [vc_empty_space height=\"30px\"] En esta tercera edici\u00f3n, celebrada entre el 14 y el 21 de noviembre de 2015, los 20 seleccionados...","protected":false},"author":1,"featured_media":0,"parent":0,"menu_order":0,"comment_status":"closed","ping_status":"closed","template":"","meta":{"footnotes":""},"_links":{"self":[{"href":"https:\/\/moversbyfue.com\/secciones\/wp-json\/wp\/v2\/pages\/6212"}],"collection":[{"href":"https:\/\/moversbyfue.com\/secciones\/wp-json\/wp\/v2\/pages"}],"about":[{"href":"https:\/\/moversbyfue.com\/secciones\/wp-json\/wp\/v2\/types\/page"}],"author":[{"embeddable":true,"href":"https:\/\/moversbyfue.com\/secciones\/wp-json\/wp\/v2\/users\/1"}],"replies":[{"embeddable":true,"href":"https:\/\/moversbyfue.com\/secciones\/wp-json\/wp\/v2\/comments?post=6212"}],"version-history":[{"count":4,"href":"https:\/\/moversbyfue.com\/secciones\/wp-json\/wp\/v2\/pages\/6212\/revisions"}],"predecessor-version":[{"id":6752,"href":"https:\/\/moversbyfue.com\/secciones\/wp-json\/wp\/v2\/pages\/6212\/revisions\/6752"}],"wp:attachment":[{"href":"https:\/\/moversbyfue.com\/secciones\/wp-json\/wp\/v2\/media?parent=6212"}],"curies":[{"name":"wp","href":"https:\/\/api.w.org\/{rel}","templated":true}]}}